{"id":3761,"date":"2021-07-27T14:46:45","date_gmt":"2021-07-27T12:46:45","guid":{"rendered":"https:\/\/www.360liguria.com\/listing\/az-agricola-biodiversamente\/"},"modified":"2022-10-11T12:45:44","modified_gmt":"2022-10-11T10:45:44","slug":"az-agricola-biodiversamente","status":"publish","type":"listing","link":"https:\/\/www.360liguria.com\/fr\/listing\/az-agricola-biodiversamente\/","title":{"rendered":"AZ.AGRICOLA BIODIVERSAMENTE"},"content":{"rendered":"\n<p class=\"wp-block-paragraph\">Jeune entreprise fonde\u0301e en 2017 axe\u0301e sur la culture de la lavande et des produits de\u0301rive\u0301s. Trois laveries \u00e0 visiter o\u00f9 vous pourrez r\u00e9aliser des activit\u00e9s exp\u00e9rientielles et des ateliers pour tous les \u00e2ges et suivre toutes les \u00e9tapes de la transformation : \u00e0 Imperia, o\u00f9 nous cultivons les vari\u00e9t\u00e9s destin\u00e9es \u00e0 la production d&#8217;essences, et \u00e0 Glori, dans la Haute Vall\u00e9e de l&#8217;Argentine , o\u00f9 nous cultivons la lavande &#8220;Imperia&#8221; officinalis , aux caract\u00e9ristiques uniques, particuli\u00e8rement adapt\u00e9e \u00e0 un usage alimentaire et \u00e0 Cipressa, une splendide terre surplombant la mer.<\/p>\n","protected":false},"excerpt":{"rendered":"<p>Jeune entreprise fonde\u0301e en 2017 axe\u0301e sur la culture de la lavande et des produits de\u0301rive\u0301s. Trois laveries \u00e0 visiter o\u00f9 vous pourrez r\u00e9aliser des activit\u00e9s exp\u00e9rientielles et des ateliers pour tous les \u00e2ges et suivre toutes les \u00e9tapes de la transformation : \u00e0 Imperia, o\u00f9 nous cultivons les vari\u00e9t\u00e9s destin\u00e9es \u00e0 la production d&#8217;essences, [&hellip;]<\/p>\n","protected":false},"author":7,"featured_media":2555,"menu_order":0,"comment_status":"open","ping_status":"closed","template":"","meta":[],"listing_location":[],"listing_cat":[19,108],"listing_tag":[],"class_list":["post-3761","listing","type-listing","status-publish","has-post-thumbnail","hentry","listing_cat-esperienze-cultura","listing_cat-experience-culture-fr"],"yoast_head":"<!-- This site is optimized with the Yoast SEO plugin v28.3 - https:\/\/yoast.com\/product\/yoast-seo-wordpress\/ -->\n<title>AZ.AGRICOLA BIODIVERSAMENTE - Liguria 360<\/title>\n<meta name=\"robots\" content=\"index, follow, max-snippet:-1, max-image-preview:large, max-video-preview:-1\" \/>\n<link rel=\"canonical\" href=\"https:\/\/www.360liguria.com\/fr\/listing\/az-agricola-biodiversamente\/\" \/>\n<meta property=\"og:locale\" content=\"fr_FR\" \/>\n<meta property=\"og:type\" content=\"article\" \/>\n<meta property=\"og:title\" content=\"AZ.AGRICOLA BIODIVERSAMENTE - Liguria 360\" \/>\n<meta property=\"og:description\" content=\"Jeune entreprise fonde\u0301e en 2017 axe\u0301e sur la culture de la lavande et des produits de\u0301rive\u0301s. Trois laveries \u00e0 visiter o\u00f9 vous pourrez r\u00e9aliser des activit\u00e9s exp\u00e9rientielles et des ateliers pour tous les \u00e2ges et suivre toutes les \u00e9tapes de la transformation : \u00e0 Imperia, o\u00f9 nous cultivons les vari\u00e9t\u00e9s destin\u00e9es \u00e0 la production d&#8217;essences, [&hellip;]\" \/>\n<meta property=\"og:url\" content=\"https:\/\/www.360liguria.com\/fr\/listing\/az-agricola-biodiversamente\/\" \/>\n<meta property=\"og:site_name\" content=\"Liguria 360\" \/>\n<meta property=\"article:modified_time\" content=\"2022-10-11T10:45:44+00:00\" \/>\n<meta property=\"og:image\" content=\"https:\/\/www.360liguria.com\/wp-content\/uploads\/2021\/07\/lavandamassabovi1.jpeg\" \/>\n\t<meta property=\"og:image:width\" content=\"1600\" \/>\n\t<meta property=\"og:image:height\" content=\"1200\" \/>\n\t<meta property=\"og:image:type\" content=\"image\/jpeg\" \/>\n<meta name=\"twitter:card\" content=\"summary_large_image\" \/>\n<meta name=\"twitter:label1\" content=\"Dur\u00e9e de lecture estim\u00e9e\" \/>\n\t<meta name=\"twitter:data1\" content=\"1 minute\" \/>\n<script type=\"application\/ld+json\" class=\"yoast-schema-graph\">{\"@context\":\"https:\\\/\\\/schema.org\",\"@graph\":[{\"@type\":\"WebPage\",\"@id\":\"https:\\\/\\\/www.360liguria.com\\\/fr\\\/listing\\\/az-agricola-biodiversamente\\\/\",\"url\":\"https:\\\/\\\/www.360liguria.com\\\/fr\\\/listing\\\/az-agricola-biodiversamente\\\/\",\"name\":\"AZ.AGRICOLA BIODIVERSAMENTE - Liguria 360\",\"isPartOf\":{\"@id\":\"https:\\\/\\\/www.360liguria.com\\\/#website\"},\"primaryImageOfPage\":{\"@id\":\"https:\\\/\\\/www.360liguria.com\\\/fr\\\/listing\\\/az-agricola-biodiversamente\\\/#primaryimage\"},\"image\":{\"@id\":\"https:\\\/\\\/www.360liguria.com\\\/fr\\\/listing\\\/az-agricola-biodiversamente\\\/#primaryimage\"},\"thumbnailUrl\":\"https:\\\/\\\/www.360liguria.com\\\/wp-content\\\/uploads\\\/2021\\\/07\\\/lavandamassabovi1.jpeg\",\"datePublished\":\"2021-07-27T12:46:45+00:00\",\"dateModified\":\"2022-10-11T10:45:44+00:00\",\"breadcrumb\":{\"@id\":\"https:\\\/\\\/www.360liguria.com\\\/fr\\\/listing\\\/az-agricola-biodiversamente\\\/#breadcrumb\"},\"inLanguage\":\"fr-FR\",\"potentialAction\":[{\"@type\":\"ReadAction\",\"target\":[\"https:\\\/\\\/www.360liguria.com\\\/fr\\\/listing\\\/az-agricola-biodiversamente\\\/\"]}]},{\"@type\":\"ImageObject\",\"inLanguage\":\"fr-FR\",\"@id\":\"https:\\\/\\\/www.360liguria.com\\\/fr\\\/listing\\\/az-agricola-biodiversamente\\\/#primaryimage\",\"url\":\"https:\\\/\\\/www.360liguria.com\\\/wp-content\\\/uploads\\\/2021\\\/07\\\/lavandamassabovi1.jpeg\",\"contentUrl\":\"https:\\\/\\\/www.360liguria.com\\\/wp-content\\\/uploads\\\/2021\\\/07\\\/lavandamassabovi1.jpeg\",\"width\":1600,\"height\":1200},{\"@type\":\"BreadcrumbList\",\"@id\":\"https:\\\/\\\/www.360liguria.com\\\/fr\\\/listing\\\/az-agricola-biodiversamente\\\/#breadcrumb\",\"itemListElement\":[{\"@type\":\"ListItem\",\"position\":1,\"name\":\"Home\",\"item\":\"https:\\\/\\\/www.360liguria.com\\\/fr\\\/\"},{\"@type\":\"ListItem\",\"position\":2,\"name\":\"Attivit\u00e0\",\"item\":\"https:\\\/\\\/www.360liguria.com\\\/listing\\\/\"},{\"@type\":\"ListItem\",\"position\":3,\"name\":\"AZ.AGRICOLA BIODIVERSAMENTE\"}]},{\"@type\":\"WebSite\",\"@id\":\"https:\\\/\\\/www.360liguria.com\\\/#website\",\"url\":\"https:\\\/\\\/www.360liguria.com\\\/\",\"name\":\"Liguria 360\",\"description\":\"Esplora la Liguria\",\"potentialAction\":[{\"@type\":\"SearchAction\",\"target\":{\"@type\":\"EntryPoint\",\"urlTemplate\":\"https:\\\/\\\/www.360liguria.com\\\/?s={search_term_string}\"},\"query-input\":{\"@type\":\"PropertyValueSpecification\",\"valueRequired\":true,\"valueName\":\"search_term_string\"}}],\"inLanguage\":\"fr-FR\"}]}<\/script>\n<!-- \/ Yoast SEO plugin. -->","yoast_head_json":{"title":"AZ.AGRICOLA BIODIVERSAMENTE - Liguria 360","robots":{"index":"index","follow":"follow","max-snippet":"max-snippet:-1","max-image-preview":"max-image-preview:large","max-video-preview":"max-video-preview:-1"},"canonical":"https:\/\/www.360liguria.com\/fr\/listing\/az-agricola-biodiversamente\/","og_locale":"fr_FR","og_type":"article","og_title":"AZ.AGRICOLA BIODIVERSAMENTE - Liguria 360","og_description":"Jeune entreprise fonde\u0301e en 2017 axe\u0301e sur la culture de la lavande et des produits de\u0301rive\u0301s. Trois laveries \u00e0 visiter o\u00f9 vous pourrez r\u00e9aliser des activit\u00e9s exp\u00e9rientielles et des ateliers pour tous les \u00e2ges et suivre toutes les \u00e9tapes de la transformation : \u00e0 Imperia, o\u00f9 nous cultivons les vari\u00e9t\u00e9s destin\u00e9es \u00e0 la production d&#8217;essences, [&hellip;]","og_url":"https:\/\/www.360liguria.com\/fr\/listing\/az-agricola-biodiversamente\/","og_site_name":"Liguria 360","article_modified_time":"2022-10-11T10:45:44+00:00","og_image":[{"width":1600,"height":1200,"url":"https:\/\/www.360liguria.com\/wp-content\/uploads\/2021\/07\/lavandamassabovi1.jpeg","type":"image\/jpeg"}],"twitter_card":"summary_large_image","twitter_misc":{"Dur\u00e9e de lecture estim\u00e9e":"1 minute"},"schema":{"@context":"https:\/\/schema.org","@graph":[{"@type":"WebPage","@id":"https:\/\/www.360liguria.com\/fr\/listing\/az-agricola-biodiversamente\/","url":"https:\/\/www.360liguria.com\/fr\/listing\/az-agricola-biodiversamente\/","name":"AZ.AGRICOLA BIODIVERSAMENTE - Liguria 360","isPartOf":{"@id":"https:\/\/www.360liguria.com\/#website"},"primaryImageOfPage":{"@id":"https:\/\/www.360liguria.com\/fr\/listing\/az-agricola-biodiversamente\/#primaryimage"},"image":{"@id":"https:\/\/www.360liguria.com\/fr\/listing\/az-agricola-biodiversamente\/#primaryimage"},"thumbnailUrl":"https:\/\/www.360liguria.com\/wp-content\/uploads\/2021\/07\/lavandamassabovi1.jpeg","datePublished":"2021-07-27T12:46:45+00:00","dateModified":"2022-10-11T10:45:44+00:00","breadcrumb":{"@id":"https:\/\/www.360liguria.com\/fr\/listing\/az-agricola-biodiversamente\/#breadcrumb"},"inLanguage":"fr-FR","potentialAction":[{"@type":"ReadAction","target":["https:\/\/www.360liguria.com\/fr\/listing\/az-agricola-biodiversamente\/"]}]},{"@type":"ImageObject","inLanguage":"fr-FR","@id":"https:\/\/www.360liguria.com\/fr\/listing\/az-agricola-biodiversamente\/#primaryimage","url":"https:\/\/www.360liguria.com\/wp-content\/uploads\/2021\/07\/lavandamassabovi1.jpeg","contentUrl":"https:\/\/www.360liguria.com\/wp-content\/uploads\/2021\/07\/lavandamassabovi1.jpeg","width":1600,"height":1200},{"@type":"BreadcrumbList","@id":"https:\/\/www.360liguria.com\/fr\/listing\/az-agricola-biodiversamente\/#breadcrumb","itemListElement":[{"@type":"ListItem","position":1,"name":"Home","item":"https:\/\/www.360liguria.com\/fr\/"},{"@type":"ListItem","position":2,"name":"Attivit\u00e0","item":"https:\/\/www.360liguria.com\/listing\/"},{"@type":"ListItem","position":3,"name":"AZ.AGRICOLA BIODIVERSAMENTE"}]},{"@type":"WebSite","@id":"https:\/\/www.360liguria.com\/#website","url":"https:\/\/www.360liguria.com\/","name":"Liguria 360","description":"Esplora la Liguria","potentialAction":[{"@type":"SearchAction","target":{"@type":"EntryPoint","urlTemplate":"https:\/\/www.360liguria.com\/?s={search_term_string}"},"query-input":{"@type":"PropertyValueSpecification","valueRequired":true,"valueName":"search_term_string"}}],"inLanguage":"fr-FR"}]}},"_links":{"self":[{"href":"https:\/\/www.360liguria.com\/fr\/wp-json\/wp\/v2\/listings\/3761","targetHints":{"allow":["GET"]}}],"collection":[{"href":"https:\/\/www.360liguria.com\/fr\/wp-json\/wp\/v2\/listings"}],"about":[{"href":"https:\/\/www.360liguria.com\/fr\/wp-json\/wp\/v2\/types\/listing"}],"author":[{"embeddable":true,"href":"https:\/\/www.360liguria.com\/fr\/wp-json\/wp\/v2\/users\/7"}],"replies":[{"embeddable":true,"href":"https:\/\/www.360liguria.com\/fr\/wp-json\/wp\/v2\/comments?post=3761"}],"version-history":[{"count":0,"href":"https:\/\/www.360liguria.com\/fr\/wp-json\/wp\/v2\/listings\/3761\/revisions"}],"wp:featuredmedia":[{"embeddable":true,"href":"https:\/\/www.360liguria.com\/fr\/wp-json\/wp\/v2\/media\/2555"}],"wp:attachment":[{"href":"https:\/\/www.360liguria.com\/fr\/wp-json\/wp\/v2\/media?parent=3761"}],"wp:term":[{"taxonomy":"listing_location","embeddable":true,"href":"https:\/\/www.360liguria.com\/fr\/wp-json\/wp\/v2\/listing_location?post=3761"},{"taxonomy":"listing_cat","embeddable":true,"href":"https:\/\/www.360liguria.com\/fr\/wp-json\/wp\/v2\/listing_cat?post=3761"},{"taxonomy":"listing_tag","embeddable":true,"href":"https:\/\/www.360liguria.com\/fr\/wp-json\/wp\/v2\/listing_tag?post=3761"}],"curies":[{"name":"wp","href":"https:\/\/api.w.org\/{rel}","templated":true}]}}